{"id":103,"date":"2008-11-30T10:06:43","date_gmt":"2008-11-30T08:06:43","guid":{"rendered":"http:\/\/brassacademy.com\/?page_id=103"},"modified":"2024-07-08T12:30:38","modified_gmt":"2024-07-08T10:30:38","slug":"agenda-brass","status":"publish","type":"page","link":"https:\/\/www.brassacademy.com\/en\/la-academia\/agenda-brass\/","title":{"rendered":"Schedule"},"content":{"rendered":"<p>&nbsp;<\/p>\n<p><span style=\"color: #ff0000;\"><strong>2024<\/strong><\/span><\/p>\n<p><strong><i>October 20, 2024.<\/i><br \/>\n<i>Ca\u00f1ada<br \/>\n<\/i><\/strong><em>Ensemble Brass Academy Alicante<br \/>\n<\/em><em>Dir. Rudi Korp<\/em><\/p>\n<p><strong><i>September 28, 2024.<\/i><br \/>\n<i>Benifallim<br \/>\n<\/i><\/strong><em>Ensemble Brass Academy Alicante<br \/>\n<\/em><em>Dir. Rudi Korp<\/em><\/p>\n<p><strong><i>August 16, 2024.<\/i><br \/>\n<i>Guadalest<br \/>\n<\/i><\/strong><em>Brass Academy Alicante Trumpets<\/em><\/p>\n<p><strong><i>July 7, 2024.<\/i><br \/>\n<i>Benasau<br \/>\n<\/i><\/strong><em>Ensemble Brass Academy Alicante<br \/>\n<\/em><em>Dir. Rudi Korp<\/em><\/p>\n<p><strong><i>July 12, 2024.<\/i><br \/>\n<i>Benifato<br \/>\n<\/i><\/strong><em>Ensemble Brass Academy Alicante<br \/>\n<\/em><em>Dir. Rudi Korp<\/em><\/p>\n<p><strong><i>July 6, 2024.<\/i><br \/>\n<i>Gayanes<br \/>\n<\/i><\/strong><em>Ensemble Brass Academy Alicante<br \/>\n<\/em><em>Dir. Rudi Korp<\/em><\/p>\n<p><em><strong>July 2, 2024 , 9 PM<br \/>\nPlaza de Ayuntamiento Alicante\u00a0<\/strong><\/em><br \/>\n<em><strong>XIII Summer Brass Festival Alicante<\/strong><\/em><br \/>\n<em>Ensemble Brass Academy Alicante<\/em><br \/>\n<em>Dir. Rudi Korp<\/em><\/p>\n<p><strong><i>Juny 16, 2024.<\/i><br \/>\n<i>Mon\u00f3var<br \/>\n<\/i><\/strong><em>Ensemble Brass Academy Alicante<br \/>\n<\/em><em>Dir. Rudi Korp<\/em><\/p>\n<p><strong><i>April 13, 2024.<\/i><br \/>\n<i>Auditorio de la\u00a0diputaci\u00f3n de Alicante ADDA<\/i><br \/>\n<\/strong><em>Ensemble Brass Academy Alicante<br \/>\n<\/em><em>Dir. Rudi Korp<\/em><\/p>\n<p><strong><i>February 14, 2024, 19 Hrs.<\/i><br \/>\n<i>San\u00a0Vicente del Raspeig<\/i><br \/>\n<\/strong><em>Ensemble Brass Academy Alicante<br \/>\n<\/em><em>Dir. Rudi Korp<\/em><\/p>\n<p><span style=\"color: #ff0000;\"><strong>2023<\/strong><\/span><\/p>\n<p><strong><em>30 de septiembre 2023 , 20 Hrs.<br \/>\nBenifallim<br \/>\n<\/em><\/strong><em>Ensemble Brass Academy Alicante<br \/>\n<\/em><em>Dir. Rudi Korp<\/em><\/p>\n<p><em><strong>24 de septiembre 2023 , 20 Hrs.<br \/>\nAlgorfa<br \/>\n<\/strong>Ensemble Brass Academy Alicante<br \/>\nDir. Rudi Korp<br \/>\n<\/em><strong><em><br \/>\n23 de septiembre 2023 , 20 Hrs.<br \/>\nSalinas<br \/>\n<\/em><\/strong><em>Ensemble Brass Academy Alicante<br \/>\n<\/em><em>Dir. Rudi Korp<\/em><em><br \/>\n<\/em><strong><em><br \/>\n16 de septiembre 2023 , 20 Hrs.<br \/>\nLorcha<br \/>\n<\/em><\/strong><em>Ensemble Brass Academy Alicante<br \/>\n<\/em><strong><em>Dir. Rudi Korp<\/em><\/strong><\/p>\n<p><strong><i>9 de septiembre 2023 , 20 Hrs.<\/i><\/strong><br \/>\n<strong><i>Onil<\/i><\/strong><br \/>\n<em>Ensemble Brass Academy Alicante<br \/>\n<\/em><em>Dir. Rudi Korp<\/em><\/p>\n<p><strong><i>3 de septiembre 2023 , 20 Hrs.<\/i><\/strong><br \/>\n<strong><i>Agres\u00a0<\/i><\/strong><br \/>\n<em>Ensemble Brass Academy Alicante<br \/>\n<\/em><em>Dir. Rudi Korp<\/em><\/p>\n<p><strong>2 de septiembre 2023 , 20 Hrs.<\/strong><br \/>\n<strong>Benissa<\/strong><br \/>\n<em>Ensemble Brass Academy Alicante<br \/>\n<\/em><em>Dir. Rudi Korp<\/em><br \/>\n<strong><br \/>\n2 de julio 2023 , 21 hrs.<\/strong><br \/>\n<em><strong>XII Summer Brass Festival Alicante 2023<\/strong><br \/>\n<a href=\"http:\/\/www.alicantebrassfestival.com\/\" rel=\"nofollow\">http:\/\/www.alicantebrassfestival.com<\/a><br \/>\nPlaza del Ayuntamiento de Alicante<br \/>\nDir. Rudi Kor<\/em>p<\/p>\n<p><em><strong>1 de julio 2023 , 21 horas\u00a0<\/strong><\/em><br \/>\n<em><strong>Benifato\u00a0<\/strong><\/em><br \/>\n<em>Ensemble Brass Academy Alicante<br \/>\n<\/em><em>Dir. Rudi Korp<\/em><\/p>\n<p><em><strong>30 de junio 2023 , 20:30\u00a0<\/strong><\/em><br \/>\n<strong><i>Gaian\u00e9s<\/i><i>\u00a0<\/i><\/strong><br \/>\n<i>Ensemble Brass Academy Alicante<\/i><br \/>\n<i>Dir. Rudi Korp<\/i><\/p>\n<p><em><strong>1\u00ba de mayo 2023, 12:30 horas<\/strong><br \/>\n<\/em><em><strong>ADDA Alicante\u00a0<\/strong><br \/>\n<\/em><em>Ensemble Brass Academy Alicante<br \/>\n<\/em><em>Dir. Rudi Korp<\/em><\/p>\n<p><strong><span style=\"color: #ff0000;\">2022<\/span><br \/>\n<\/strong><br \/>\n<em><strong>2 de octubre 2022, 19:30 hrs.<\/strong><\/em><br \/>\n<em><strong>Lorcha<\/strong><br \/>\nEnsemble Brass Academy Alicante<br \/>\n<\/em><em>Dir. Rudi Korp<\/em><br \/>\n<strong><em><br \/>\n24 de septiembre 2022, 19:30 hrs.<\/em><br \/>\n<em>Benifallim<br \/>\n<\/em><\/strong><em>Ensemble Brass Academy Alicante<\/em><em><br \/>\n<\/em><em>Dir. Rudi Korp<\/em><em><br \/>\n<\/em><strong><em><br \/>\n<\/em><em>18 de septiembre 2022, 12:30 hrs.<\/em><br \/>\n<em>Mon\u00f3var<br \/>\n<\/em><\/strong>Ensemble Brass Academy Alicante<br \/>\nDir. Rudi Korp<\/p>\n<p><strong><em>9 de septiembre 2022, 12:30 hrs.<\/em><br \/>\n<em>Callosa de Sarria<br \/>\n<\/em>\u201c<\/strong>Ensemble Trompetas BAA \u201c<br \/>\n<strong><br \/>\n16 de agosto 2022<br \/>\nGuadalest<br \/>\n<\/strong>\u201cEnsemble Trompetas BAA \u201c<\/p>\n<p>3 de julio 2022 , 21 hrs.<br \/>\n<em><strong>XI\u00ba Summer Brass Festival Alicante 2022<\/strong><br \/>\n<a href=\"http:\/\/www.alicantebrassfestival.com\/\" rel=\"nofollow\">http:\/\/www.alicantebrassfestival.com<\/a><br \/>\nPlaza del Ayuntamiento de Alicante<br \/>\nDir. Rudi Kor<\/em>p<\/p>\n<p><strong><em>11 de junio 2022, 21:00 hrs.<\/em><br \/>\n<em>Granja de Rocamora<br \/>\n<\/em><\/strong>Ensemble Brass Academy Alicante<br \/>\nDir. Rudi Korp<\/p>\n<p><strong><em>4 de junio 2022, 19:00 hrs.<\/em><br \/>\n<em>Alg\u00fce\u00f1a<br \/>\n<\/em><\/strong>Ensemble Brass Academy Alicante<br \/>\nDir. Rudi Korp<br \/>\n<strong><br \/>\n<em>28 de mayo 2022, 19:00 hrs.<\/em><br \/>\n<i>Gayan\u00e9s\u00a0<\/i><br \/>\n<\/strong>Ensemble Brass Academy Alicante<br \/>\nDir. Rudi Korp<strong><br \/>\n<\/strong><\/p>\n<p><strong><em>7 de mayo 2022, 12:30 hrs.<\/em><br \/>\n<i>Rafal<\/i><br \/>\n<\/strong>Ensemble Brass Academy Alicante<br \/>\nDir. Rudi Korp<\/p>\n<p><em>29 de abril 2022, 12:30 hrs.<\/em><br \/>\n<em>Beniarr\u00e9s<br \/>\n<\/em><em>Ensemble Brass Academy Alicante<\/em><br \/>\n<em>Dir. Rudi Korp<\/em><\/p>\n<p>1\u00ba de mayo 2022, 12:30 horas<strong><br \/>\nADDA Alicante , sala sinf\u00f3nica<br \/>\n<\/strong>Ensemble Brass Academy Alicante<strong><br \/>\n<\/strong>Dir. Rudi Korp<\/p>\n<p><strong><span style=\"color: #ff0000;\">2022<\/span><\/strong><\/p>\n<p>&nbsp;<\/p>\n<p><strong><span style=\"color: #ff0000;\"><br \/>\n2021<\/span><\/strong><\/p>\n<p><strong><span style=\"color: #000000;\"><i>\u00a0<\/i><span style=\"caret-color: #000000;\"><i>February 21\u00a0<\/i><\/span><i>\u00a02021, 11:30 hours<\/i><\/span><br \/>\n<em style=\"color: #000000; font-style: italic;\">Zaragoza Auditorium, Sala Mozart<\/em><\/strong><\/p>\n<p><span style=\"color: #ff0000;\"><em style=\"color: #ff0000;\"><span style=\"color: #000000;\"><em>Ensemble Brass Academy Alicante<\/em><\/span><\/em><\/span><span style=\"color: #ff0000;\"><em style=\"color: #ff0000;\"><span style=\"color: #000000;\"><br \/>\n<\/span><\/em><em style=\"color: #ff0000;\"><span style=\"color: #000000;\"><em> Dir. Rudi Korp<\/em><\/span><\/em><\/span><\/p>\n<p><strong><br \/>\n<em style=\"color: #ff0000;\"><span style=\"color: #000000;\"><span style=\"caret-color: #000000;\"><i>February<\/i><\/span><i>\u00a021, 18.00 hours<\/i><br \/>\n<em>Centro cultural de Mallen<br \/>\n<\/em><\/span><\/em><\/strong><em style=\"color: #ff0000;\"><span style=\"color: #000000;\"><em>Ensemble Brass Academy Alicante<\/em><\/span><\/em><em style=\"color: #ff0000;\"><span style=\"color: #000000;\"><br \/>\n<\/span><\/em><em style=\"color: #ff0000;\"><span style=\"color: #000000;\"><em> Dir. Rudi Korp<\/em><\/span><\/em><\/p>\n<p><em><span style=\"color: #000000;\"><strong>July 4 &#8211; 12, 2021<\/strong><\/span><\/em><br \/>\n<em><strong><span style=\"color: #000000;\">X Summer Brass Festival Alicante 2021<\/span><\/strong><\/em><br \/>\n<em>Ensemble Brass Academy Alicante<\/em><br \/>\n<em>Dir. Rudi Korp\u00a0<\/em><br \/>\n<em>Plaza del Ayuntamiento de Alicante\u00a0<\/em><\/p>\n<p><em><strong><span style=\"color: #000000;\">September 18, 20 hrs\u00a0<\/span><\/strong><\/em><br \/>\n<em><strong><span style=\"color: #000000;\">Agress,Plaza del Assut.<\/span><\/strong><\/em><br \/>\n<em>Ensemble Brass Academy Alicante<\/em><br \/>\n<em>Dir. Rudi Korp.<\/em><\/p>\n<p><em><span style=\"color: #000000;\"><strong>September 19, 20 hrs\u00a0<\/strong><\/span><\/em><br \/>\n<em><span style=\"color: #000000;\"><strong>Agost, Auditorio municipal Agost<\/strong><\/span><\/em><br \/>\n<em>Ensemble Brass Academy Alicante<\/em><br \/>\n<em>Dir. Rudi Korp.<\/em><\/p>\n<p><strong><span style=\"color: #000000;\"><em>\u00a0September 24, 20 hrs\u00a0<\/em><\/span><\/strong><br \/>\n<em><strong><span style=\"color: #000000;\">Dolores, Auditorio municipal Dolores.<\/span><\/strong><\/em><br \/>\n<em>Ensemble Brass Academy Alicante<\/em><br \/>\n<em>Dir. Rudi Korp.<\/em><\/p>\n<p><span style=\"color: #000000;\"><em><strong>September 25 ,20 hrs\u00a0<\/strong><\/em><\/span><br \/>\n<span style=\"color: #000000;\"><em><strong>\u00a0Mon\u00f3var, Plaza de la Sala.<\/strong><\/em><\/span><br \/>\n<em>Ensemble Brass Academy Alicante<\/em><br \/>\n<em>Dir. Rudi Korp<\/em><\/p>\n<p><em><strong><span style=\"color: #000000;\">September 26 ,20:30 hrs\u00a0<\/span><\/strong><\/em><br \/>\n<em><strong><span style=\"color: #000000;\">Granja de Rocamora, Auditorio Municipal<\/span><\/strong><\/em><br \/>\n<em>Ensemble Brass Academy Alicante<\/em><br \/>\n<em>Dir. Rudi Korp.<\/em><\/p>\n<p><em><strong><span style=\"color: #000000;\">October 2,19:30 hrs\u00a0<\/span><\/strong><\/em><br \/>\n<em><strong><span style=\"color: #000000;\">Lorcha, Anfiteatro Lorcha<\/span><\/strong><\/em><br \/>\n<em>Ensemble Brass Academy Alicante<\/em><br \/>\n<em>Dir. Rudi Korp.<\/em><\/p>\n<p><span style=\"color: #000000;\"><em><strong>\u00a0October 16 ,20:00 hrs\u00a0<\/strong><\/em><\/span><br \/>\n<span style=\"color: #000000;\"><em><strong>Algue\u00f1a, Auditorio Casa de la M\u00fasica Algue\u00f1a<\/strong><\/em><\/span><br \/>\n<em>Ensemble Brass Academy Alicante<\/em><br \/>\n<em>Dir. Rudi Korp<\/em><\/p>\n<p><strong><i style=\"color: #000000;\">\u00a0<\/i><span style=\"color: #000000;\"><span style=\"caret-color: #000000;\"><i>Octobre<\/i><\/span><\/span><i style=\"color: #000000;\">\u00a017,20:00 hrs\u00a0<\/i><\/strong><br \/>\n<span style=\"color: #000000;\"><em><strong>Pedreguer, Iglesia de la Santa Cruz<\/strong><\/em><\/span><br \/>\n<em>Ensemble Brass Academy Alicante<\/em><br \/>\n<em>Dir. Rudi Korp<\/em><\/p>\n<p>&nbsp;<\/p>\n<p><strong><span style=\"color: #ff0000;\">2020<br \/>\n<\/span><br \/>\n<em style=\"color: #ff0000;\"><span style=\"color: #000000;\">December 20th 2020, 19 hrs<br \/>\n<em>ADDA Alicante ,\u00a0Sala sinf\u00f3nica<br \/>\n<\/em><\/span><\/em><\/strong><em style=\"color: #ff0000;\"><span style=\"color: #000000;\"><em>Ensemble Brass Academy Alicante<\/em><\/span><\/em><em style=\"color: #ff0000;\"><span style=\"color: #000000;\"><br \/>\n<\/span><\/em><em style=\"color: #ff0000;\"><span style=\"color: #000000;\"><em> Dir. Rudi Korp<\/em><\/span><\/em><\/p>\n<p>September 27th , 19 hrs<br \/>\n<span style=\"color: #000000;\"><span style=\"caret-color: #000000;\"><i>Rafal, Plaza de Espa\u00f1a\u00a0<\/i><\/span><\/span><br \/>\n<em style=\"color: #ff0000;\"><span style=\"color: #000000;\">Ensemble Brass Academy Alicante<\/span><\/em><br \/>\n<em style=\"color: #ff0000;\"><span style=\"color: #000000;\"> Dir. Rudi Korp<\/span><\/em><\/p>\n<p><em style=\"color: #ff0000;\"><span style=\"color: #000000;\">September 26th , 20 hrs<\/span><\/em><br \/>\n<em style=\"color: #ff0000;\"><span style=\"color: #000000;\">Benijofar, Plaza de la constituci\u00f3n\u00a0<\/span><\/em><br \/>\n<span style=\"color: #ff0000;\"><em><span style=\"color: #000000;\">Ensemble Brass Academy Alicante<\/span><\/em><\/span><span style=\"color: #ff0000;\"><br \/>\n<\/span><span style=\"color: #ff0000;\"><em><span style=\"color: #000000;\"> Dir. Rudi Korp<\/span><\/em><\/span><strong><span style=\"color: #ff0000;\"><br \/>\n<\/span><\/strong><strong><span style=\"color: #ff0000;\"><em><span style=\"color: #000000;\"><br \/>\nApril 18th 2020, 19 hrs ( cancelled -Covid )<br \/>\nADDA Alicante ,\u00a0Sala sinf\u00f3nica<br \/>\n<\/span><\/em><\/span><\/strong><span style=\"color: #ff0000;\"><em><span style=\"color: #000000;\">Ensemble Brass Academy Alicante<\/span><\/em><\/span><span style=\"color: #ff0000;\"><br \/>\n<\/span><span style=\"color: #ff0000;\"><em><span style=\"color: #000000;\"> Dir. Rudi Korp<\/span><\/em><\/span><\/p>\n<p><strong>March 27th 2020 <span style=\"color: #ff0000;\"><em>( cancelled -Covid )<\/em><\/span><br \/>\nConcierto en Denia<br \/>\n<\/strong>Ensemble Brass Academy Alicante<br \/>\nDir. Rudi Korp<\/p>\n<p><strong><span style=\"color: #ff0000;\">2019<br \/>\n<\/span><\/strong><strong><i>7th &#8211; 12th de\u00a0July\u00a02019<\/i><\/strong><br \/>\n<em><strong>VIII Summer Brass Festival Alicante 2019<\/strong><br \/>\nwww.alicantebrassfestival.com<br \/>\nEnsemble Brass Academy Alicante<br \/>\nDir. Rudi Korp<br \/>\nPlaza del Ayuntamiento de Alicante<\/em><\/p>\n<p>&nbsp;<\/p>\n<p><strong><i>30th June\u00a02019 ,<\/i><br \/>\n<i>Alicante ciudad \/ Concha de la Explanada<\/i><br \/>\n<\/strong><em>Ensemble Brass Academy Alicante<br \/>\nDir. Rudi Korp<br \/>\n<\/em><strong><br \/>\n<i>15th June, 20 hrs.<\/i><br \/>\n<i>Herencia<\/i><br \/>\n<\/strong><em>Ensemble Brass Academy Alicante\u00a0<\/em><em><br \/>\nDir. Rudi Korp<\/em><\/p>\n<p><strong>13th June\u00a0, 12 hrs.<\/strong><br \/>\n<strong>IFOB Pamplona<br \/>\n<\/strong>Sala de c\u00e1mara de Baluarte<\/p>\n<p><strong><i>12th \u00a0June\u00a0, 19 hrs.<\/i><br \/>\n<i>IFOB Pamplona<\/i><br \/>\n<i>Plaza del Ayuntamiento<\/i><br \/>\n<\/strong><em>Ensemble Brass Academy Alicante\u00a0<\/em><em><br \/>\n<\/em><em>Dir. Rudi Korp<\/em><\/p>\n<p><strong><i>11th \u00a0June,\u00a0<em>20 hrs.<\/em><\/i><br \/>\n<i>Teruel<\/i><br \/>\n<\/strong><em>Ensemble Brass Academy Alicante<\/em><em><br \/>\n<\/em><em>Dir. Rudi Korp<\/em><\/p>\n<p><strong><i>9 th February\u00a02019, 20 hrs.<\/i><br \/>\n<em>ADDA Alicante<br \/>\n<\/em><\/strong><em>Students of the Brass Academy Alicante <\/em><em>\u00a0join to\u00a0ADDA Simfonica Orchestra<br \/>\n<\/em><em>Solistas: Stefan Dohr , Nury Guarnaschelli, Jos\u00e9 Garc\u00eda y David Mengal<\/em><\/p>\n<p>&nbsp;<\/p>\n<hr \/>\n<p><span style=\"color: #ff0000;\"><strong>2018<\/strong><\/span><\/p>\n<p><strong><i>16th\u00a0Dicember 2018 , 19 hrs.<\/i><\/strong><br \/>\n<em><strong>IBI ,\u00a0\u00a0TEATRO R\u00cdO<\/strong><\/em><br \/>\n<span style=\"color: #ff0000;\"><em><span style=\"color: #000000;\">Ensemble Brass Academy Alicante<\/span><\/em><br \/>\n<em><span style=\"color: #000000;\"> Dir. Rudi Korp<\/span><\/em><\/span><\/p>\n<hr \/>\n<p><em><strong>2nd Dicember 2018 , 19 hrs.<\/strong><\/em><br \/>\n<em><strong>CASA DE CULTURA, SAN FULGENCIO<\/strong><\/em><br \/>\n<span style=\"color: #ff0000;\"><em><span style=\"color: #000000;\">Ensemble Brass Academy Alicante<\/span><\/em><br \/>\n<em><span style=\"color: #000000;\"> Dir. Rudi Korp<\/span><\/em><\/span><\/p>\n<hr \/>\n<p><em><strong>9th November 2018 , 19.00 hrs<\/strong><\/em><br \/>\n<em><strong>BUSOT , Casa de Cultura<\/strong><\/em><br \/>\n<em>Ensemble Brass Academy Alicante<\/em><br \/>\n<em>Dir. Rudi Korp<\/em><\/p>\n<hr \/>\n<p><strong><em>14th October 2018 , 19 hrs\u00a0<\/em><\/strong><strong><br \/>\n<\/strong><strong><em>Finestrat\u00a0<\/em><\/strong><span style=\"color: #ff0000;\"><strong><br \/>\n<\/strong><em><span style=\"color: #000000;\">Ensemble Brass Academy Alicante<\/span><\/em><br \/>\n<em><span style=\"color: #000000;\"> Dir. Rudi Korp<\/span><\/em><strong><br \/>\n<\/strong><\/span><\/p>\n<hr \/>\n<p><em><strong>8th &#8211; 14th July 2018<\/strong><\/em><br \/>\n<em><span style=\"color: #000000;\"><span style=\"color: #ff0000;\"><strong>VII Summer Brass Festival Alicante 2018<\/strong><\/span><br \/>\nwww.alicantebrassfestival.com<br \/>\nConcerts from 8th to 12th in the<br \/>\nPlaza del Ayuntamiento de Alicante<\/span><\/em><\/p>\n<hr \/>\n<p><span style=\"color: #ff0000;\"><strong><em><span style=\"color: #003300;\">22th June 2018 , 21 hrs<\/span><\/em><br \/>\n<em><span style=\"color: #003300;\">San Miguel de Salinas\u00a0<\/span><\/em><br \/>\n<\/strong><em><span style=\"color: #000000;\">Ensemble Brass Academy Alicante<\/span><\/em><br \/>\n<em><span style=\"color: #000000;\"> Dir. Rudi Korp<\/span><\/em><\/span><\/p>\n<p><strong><em>7th April 2018, 19 P.M.<\/em><br \/>\n<em>ADDA Alicante\u00a0<\/em><br \/>\n<em>Sala sinf\u00f3nica<\/em><br \/>\n<\/strong><em>Ensemble Brass Academy Alicante<\/em><br \/>\n<em> Conductor : \u00a0Rudi Korp<strong><br \/>\n<\/strong><\/em><\/p>\n<p><span style=\"color: #ff0000;\"><em><strong> <img decoding=\"async\" class=\"alignnone size-medium wp-image-6039\" src=\"https:\/\/www.brassacademy.com\/wp-content\/uploads\/2017\/11\/Cartel-Concierto-benefico--212x300.jpg\" alt=\"\" width=\"212\" height=\"300\" srcset=\"https:\/\/www.brassacademy.com\/wp-content\/uploads\/2017\/11\/Cartel-Concierto-benefico--14x20.jpg 14w, https:\/\/www.brassacademy.com\/wp-content\/uploads\/2017\/11\/Cartel-Concierto-benefico--200x283.jpg 200w, https:\/\/www.brassacademy.com\/wp-content\/uploads\/2017\/11\/Cartel-Concierto-benefico--212x300.jpg 212w, https:\/\/www.brassacademy.com\/wp-content\/uploads\/2017\/11\/Cartel-Concierto-benefico--400x565.jpg 400w, https:\/\/www.brassacademy.com\/wp-content\/uploads\/2017\/11\/Cartel-Concierto-benefico--600x848.jpg 600w, https:\/\/www.brassacademy.com\/wp-content\/uploads\/2017\/11\/Cartel-Concierto-benefico--725x1024.jpg 725w, https:\/\/www.brassacademy.com\/wp-content\/uploads\/2017\/11\/Cartel-Concierto-benefico--768x1085.jpg 768w, https:\/\/www.brassacademy.com\/wp-content\/uploads\/2017\/11\/Cartel-Concierto-benefico--800x1131.jpg 800w, https:\/\/www.brassacademy.com\/wp-content\/uploads\/2017\/11\/Cartel-Concierto-benefico--1087x1536.jpg 1087w, https:\/\/www.brassacademy.com\/wp-content\/uploads\/2017\/11\/Cartel-Concierto-benefico--1200x1696.jpg 1200w, https:\/\/www.brassacademy.com\/wp-content\/uploads\/2017\/11\/Cartel-Concierto-benefico--1449x2048.jpg 1449w, https:\/\/www.brassacademy.com\/wp-content\/uploads\/2017\/11\/Cartel-Concierto-benefico--scaled.jpg 1811w\" sizes=\"(max-width: 212px) 100vw, 212px\" \/><\/strong><\/em><\/span><\/p>\n<p>December 2017<\/p>\n<p><strong><em>18th december , 20 P.M.<br \/>\nBenefit\u00a0Christmas Concert<br \/>\nADDA Alicante<br \/>\n<a href=\"https:\/\/www.instanticket.es\/description\/?id=14241&amp;site=405&amp;b=1\">Tickets sell online\u00a0<\/a><br \/>\n<\/em><\/strong><em>Ensemble Brass Academy Alicante<\/em><em><br \/>\n<\/em><em> Dir. Rudi Korp<\/em><\/p>\n<p><strong>2th december \u00a0\/ \u00a0JAVEA<\/strong><br \/>\n<strong><em> 20:30 P.M.<\/em><\/strong><br \/>\n<em> Ensemble Brass Academy Alicante<\/em><br \/>\n<em> Dir. Rudi Korp<\/em><strong><br \/>\n<\/strong><\/p>\n<p><span style=\"color: #ff0000;\"><strong>November 2017\u00a0<\/strong><\/span><\/p>\n<p><strong>25th novembe \/ \u00a0 CREVILLENTE<br \/>\n<\/strong><em>Ensemble Brass Academy Alicante<br \/>\nDir. Rudi Korp<\/em><\/p>\n<p><strong>19th november \/ ALTEA\u00a0<\/strong><br \/>\n<em>Ensemble Brass Academy Alicante<\/em><em><br \/>\n<\/em><em>Dir. Rudi Korp<\/em><strong><em><br \/>\n<\/em><\/strong><\/p>\n<p><em><strong><br \/>\n<span style=\"color: #ff0000;\">October 2017<\/span><\/strong><\/em><\/p>\n<p>28th octiber \/ \u00a0SAN MIGUEL DE SALINAS<br \/>\n<em>Ensemble Brass Academy Alicante<br \/>\nDir. Rudi Korp<\/em><\/p>\n<p><em><strong><span style=\"color: #ff0000;\">July 2017\u00a0<\/span><\/strong><\/em><\/p>\n<p>3th July 2017<br \/>\nSummer Brass Festival Alicante 2017<br \/>\nwww.alicantebrassfestival.com<\/p>\n<p><span style=\"color: #ff0000;\">June 2017\u00a0<\/span><br \/>\n9th June 2017<br \/>\nPlaza la Paz<br \/>\nPau 2 ( Alicante ciudad)<br \/>\n19:30 hrs.<br \/>\nEnsemble Brass Academy Alicante<br \/>\nDir. Rudi Korp<\/p>\n<p><em><strong>4th June 2017<br \/>\nAuditorio de San Isidro<br \/>\n(Provincia Alicante)<br \/>\n19:30 hrs.<br \/>\n<\/strong>Ensemble Brass Academy Alicante<br \/>\nDir. Rudi Korp<\/em><\/p>\n<p><strong><em><br \/>\nDICIEMBRE\u00a02016<\/em><\/strong><\/p>\n<p><em><strong>3 de diciembre : CALLOSA DE SEGURA, 20 hrs.<br \/>\n<\/strong>Casa de cultura\u00a0<strong><br \/>\n<\/strong>Ensemble Brass Academy Alicante<\/em><br \/>\n<em> Dir. Rudi Korp<\/em><\/p>\n<p><em><strong>NOVIEMBRE 2016<\/strong><\/em><\/p>\n<p><strong><em>24 de noviembre de 2016 , 19 hrs.<\/em><\/strong><br \/>\n<em> Benidorm ,\u00a0sal\u00f3n de actos del Ayuntamiento<br \/>\n<strong>Ensemble Brass Academy Alicante<\/strong><br \/>\nDir. Rudi Korp<\/em><\/p>\n<p><strong>6. Octubre de 2016: BENISSA, 19 hrs.<br \/>\n<\/strong>Centre d\u00b4Art Taller d\u00b4Ivars (Plaza Germans Ivars, 5)<br \/>\n<strong>Ensemble Brass Academy Alicante<br \/>\n<\/strong>Dir. Rudi Korp<\/p>\n<p><strong> OCTUBRE 2016<\/strong><\/p>\n<p><em><strong>11 de octubre , 20 hrs.<br \/>\n<\/strong>Ensemble Brass Academy Alicante<br \/>\n<\/em><em>Dir. Rudi Korp<\/em><strong><br \/>\n<em>Centro cultural El Teular<\/em><br \/>\n<em> Pza. El Teular S\/N<\/em><br \/>\n<em> 03820 Cocentaina<\/em><\/strong><\/p>\n<p><em><strong>8 de Octubre, 19:30\u00a0hrs.<\/strong><\/em><br \/>\n<em><strong>Auditorio Granja de Rocamora<br \/>\n<\/strong><\/em><em><strong>Ensemble Brass Academy Alicante<br \/>\n<\/strong><\/em><em>Dir. Rudi Korp<\/em><\/p>\n<p><em><strong>\u00a0<\/strong><\/em><em><strong>DICIEMBRE 2015<\/strong><\/em><\/p>\n<p><em><strong><a href=\"http:\/\/brassacademy.com\/wp-content\/uploads\/2015\/11\/conciertos-BAA-12-2015.png\"><img decoding=\"async\" class=\"alignleft size-thumbnail wp-image-3847\" src=\"http:\/\/brassacademy.com\/wp-content\/uploads\/2015\/11\/conciertos-BAA-12-2015-150x150.png\" alt=\"conciertos BAA 12 2015\" width=\"150\" height=\"150\" \/><\/a><br \/>\n18 de diciembre , 20:00\u00a0hrs.<br \/>\nAuditorio de Cox \/ Concierto de Navidad\u00a0<\/strong><br \/>\n<strong>Brass Academy Horns<br \/>\n<\/strong>Dir. Nury Guarnaschelli\u00a0<strong><br \/>\nAcademy Symphonic Brass Cox<br \/>\n<\/strong>Dir. Gabriel Garc\u00eda<\/em><\/p>\n<p><strong><em>12\u00a0de\u00a0diciembre , 19:00 horas<br \/>\n<\/em><\/strong><em><strong>Concierto Navidad \/\u00a0Casa de cultura &#8211; Hond\u00f3n de los Frailes\u00a0<\/strong><br \/>\n<strong> Ensemble Brass Academy Alicante<\/strong><br \/>\nDir. Rudi Korp<\/em><\/p>\n<p><strong><em>6 de diciembre , 19:00 horas<br \/>\nADDA &#8211; Auditorio de Alicante<\/em><\/strong><br \/>\n<em>Concierto Ensemble Brass Academy Alicante<br \/>\nDir. Rudi Korp<br \/>\n<\/em><\/p>\n<p><strong>NOVIEMBRE 2015<br \/>\n<em>26 de noviembre , 19:30 horas\u00a0<\/em><\/strong><br \/>\n<em>Concierto Ensemble Brass Academy Alicante<br \/>\nDir. Rudi Korp<br \/>\n<\/em><i>Casa de cultura San Vicente del Raspeig<\/i><\/p>\n<p><strong>7 y 8 de noviembre<br \/>\n<\/strong><em>Auditorio de Cox\u00a0<\/em><br \/>\n<em> Masterclass STEVEN MEAD<\/em><\/p>\n<p><em><strong>OCTUBRE 2015<br \/>\n26 de octubre<br \/>\nAuditorio de\u00a0Calpe<br \/>\n<\/strong>Concierto Ensemble Brass Academy Alicante<br \/>\nDir. Rudi Korp<\/em><\/p>\n<p><strong>JULIO 2015<\/strong><br \/>\n<strong>12 al 18 de julio<\/strong><br \/>\nSummer Brass Festival 2015<\/p>\n<p><strong>JUNIO 2015<br \/>\n<\/strong><em>20 de junio<br \/>\nAuditorio de Cox<br \/>\n<\/em><em>Concierto Ensemble Brass Academy Alicante<br \/>\n<\/em>Dir. Rudi Korp<\/p>\n<p><strong><em>MAYO 2015<\/em><br \/>\n<em>2 y 3 de mayo<\/em><br \/>\n<\/strong><em>Masterclass BRUNO SCHNEIDER ( Trompa)<\/em><br \/>\n<em>Auditorio de Cox ( Alicante )<\/em><\/p>\n<p><strong>8 y 9 de mayo\u00a0<\/strong><br \/>\n<strong>Masterclass\u00a0MARTIN BAEZA RUBIO<\/strong> ( Repertorio orquestal)<br \/>\n<em>Auditorio de Cox ( Alicante )<\/em><\/p>\n<p><strong>ABRIL 2015<br \/>\n<\/strong><em><strong>15 de abril<\/strong><br \/>\nMasterclass STEFAN DOHR ( Trompa)\u00a0<\/em><br \/>\n<em>Auditorio de Cox ( Alicante)<\/em><\/p>\n<p><strong>17 de abril , 19 horas<br \/>\nAltea La Vella<br \/>\n<\/strong>Concierto Ensemble Brass Academy Alicante<br \/>\nDir. Rudi Korp<\/p>\n<p><em><strong>24 al 26 de abril\u00a0<\/strong><\/em><br \/>\n<em>Masterclass GABOR TARK\u00d6VI ( trompeta )<\/em><br \/>\n<em>Auditorio de Cox ( Alicante )<\/em><\/p>\n<p><strong>MARZO 2015<br \/>\n<em>14 y 15 de marzo\u00a0<\/em><\/strong><br \/>\n<em>Masterclass STEVEN MEAD\u00a0<\/em><br \/>\n<em>Auditorio de Cox ( Alicante )<\/em><\/p>\n<p><em><strong>27 al 29 de marzo\u00a0<\/strong><\/em><br \/>\n<em>Masterclass IAN BOUSFIELD\u00a0<\/em><br \/>\n<em>Auditorio de Cox ( Alicante )<\/em><\/p>\n<p><strong>FEBRERO 2015<\/strong><\/p>\n<p><strong><em>14 de enero , 13 horas<\/em><\/strong><br \/>\n<em>Concierto del\u00a0<strong>\u201c Brass Academy Horns\u201d\u00a0<\/strong>en la<br \/>\nVII Trobada de trompas en Badalona.<br \/>\nDir. Nury Guarnaschelli\u00a0<\/em><\/p>\n<p><em><strong>14 de enero , 20 horas\u00a0<\/strong><\/em><br \/>\n<em>Concierto Ensemble Brass Academy Alicante<br \/>\n<\/em>Dir. Rudi Korp<br \/>\n<em>Auditorio de Cox\u00a0<\/em><\/p>\n<p><em><strong>27 y 28 febrero\u00a0<\/strong><\/em><br \/>\n<em>Masterclass Fergus McWilliam ( trompa )<\/em><br \/>\n<em>Auditorio de Cox ( Alicante)<\/em><\/p>\n<p><strong><em id=\"__mceDel\">ENERO 2015<br \/>\n<\/em><\/strong><strong><em id=\"__mceDel\"><\/em><em id=\"__mceDel\">17 y 18 de enero\u00a0<\/em><\/strong><em id=\"__mceDel\"><\/em><em id=\"__mceDel\"><br \/>\nMasterclass Eric Terwilliger ( trompa )<br \/>\nAuditorio de Cox ( Alicante)<\/em><\/p>","protected":false},"excerpt":{"rendered":"<p>&nbsp; 2024 October 20, 2024. Ca\u00f1ada Ensemble Brass Academy Alicante Dir. Rudi Korp September 28, 2024. Benifallim Ensemble Brass Academy Alicante Dir. Rudi Korp August 16, 2024. Guadalest Brass Academy Alicante Trumpets July 7, 2024. Benasau Ensemble Brass Academy Alicante Dir. Rudi Korp July 12, 2024. Benifato Ensemble Brass Academy Alicante Dir. Rudi Korp July [&hellip;]<\/p>\n","protected":false},"author":3,"featured_media":0,"parent":2750,"menu_order":10,"comment_status":"open","ping_status":"closed","template":"","meta":{"footnotes":""},"class_list":["post-103","page","type-page","status-publish","hentry"],"_links":{"self":[{"href":"https:\/\/www.brassacademy.com\/en\/wp-json\/wp\/v2\/pages\/103"}],"collection":[{"href":"https:\/\/www.brassacademy.com\/en\/wp-json\/wp\/v2\/pages"}],"about":[{"href":"https:\/\/www.brassacademy.com\/en\/wp-json\/wp\/v2\/types\/page"}],"author":[{"embeddable":true,"href":"https:\/\/www.brassacademy.com\/en\/wp-json\/wp\/v2\/users\/3"}],"replies":[{"embeddable":true,"href":"https:\/\/www.brassacademy.com\/en\/wp-json\/wp\/v2\/comments?post=103"}],"version-history":[{"count":37,"href":"https:\/\/www.brassacademy.com\/en\/wp-json\/wp\/v2\/pages\/103\/revisions"}],"predecessor-version":[{"id":10130,"href":"https:\/\/www.brassacademy.com\/en\/wp-json\/wp\/v2\/pages\/103\/revisions\/10130"}],"up":[{"embeddable":true,"href":"https:\/\/www.brassacademy.com\/en\/wp-json\/wp\/v2\/pages\/2750"}],"wp:attachment":[{"href":"https:\/\/www.brassacademy.com\/en\/wp-json\/wp\/v2\/media?parent=103"}],"curies":[{"name":"wp","href":"https:\/\/api.w.org\/{rel}","templated":true}]}}