{"id":3246,"date":"2015-02-04T00:18:50","date_gmt":"2015-02-03T23:18:50","guid":{"rendered":"http:\/\/brassacademy.com\/?page_id=3246"},"modified":"2026-04-14T10:40:07","modified_gmt":"2026-04-14T08:40:07","slug":"trombon","status":"publish","type":"page","link":"https:\/\/www.brassacademy.com\/en\/trombon\/","title":{"rendered":"TROMB\u00d3N TENOR &#038; TROMBON BAJO"},"content":{"rendered":"<p><img decoding=\"async\" class=\"alignnone wp-image-7426\" src=\"https:\/\/www.brassacademy.com\/wp-content\/uploads\/2020\/04\/Foto-CSMA-300x300.jpg\" alt=\"\" width=\"239\" height=\"239\" srcset=\"https:\/\/www.brassacademy.com\/wp-content\/uploads\/2020\/04\/Foto-CSMA-20x20.jpg 20w, https:\/\/www.brassacademy.com\/wp-content\/uploads\/2020\/04\/Foto-CSMA-66x66.jpg 66w, https:\/\/www.brassacademy.com\/wp-content\/uploads\/2020\/04\/Foto-CSMA-150x150.jpg 150w, https:\/\/www.brassacademy.com\/wp-content\/uploads\/2020\/04\/Foto-CSMA-200x200.jpg 200w, https:\/\/www.brassacademy.com\/wp-content\/uploads\/2020\/04\/Foto-CSMA.jpg 300w\" sizes=\"(max-width: 239px) 100vw, 239px\" \/>\u00a0 \u00a0 \u00a0 \u00a0<a href=\"https:\/\/www.brassacademy.com\/profesores\/trombon\/juan-san-juan-trombon\/\"><img decoding=\"async\" class=\"alignnone wp-image-8387\" src=\"https:\/\/www.brassacademy.com\/wp-content\/uploads\/2022\/01\/juan-sanjuan-trombon-300x225.jpg\" alt=\"\" width=\"311\" height=\"233\" srcset=\"https:\/\/www.brassacademy.com\/wp-content\/uploads\/2022\/01\/juan-sanjuan-trombon-200x150.jpg 200w, https:\/\/www.brassacademy.com\/wp-content\/uploads\/2022\/01\/juan-sanjuan-trombon-300x225.jpg 300w, https:\/\/www.brassacademy.com\/wp-content\/uploads\/2022\/01\/juan-sanjuan-trombon-400x300.jpg 400w, https:\/\/www.brassacademy.com\/wp-content\/uploads\/2022\/01\/juan-sanjuan-trombon.jpg 600w\" sizes=\"(max-width: 311px) 100vw, 311px\" \/><\/a><\/p>\n<p><span style=\"color: #ff6600;\"><em><strong>TROMBONE TEACHERS<br \/>\nCURSO 2024-2025<\/strong><\/em><\/span><\/p>\n<p><em><span style=\"color: #0000ff;\"><a style=\"color: #0000ff;\" href=\"http:\/\/brassacademy.com\/?page_id=1422\">Dani Perpi\u00f1an<\/a>\u00a0<\/span>\/ <strong>Trombone tenor<\/strong> \/ <strong>Prof. ESMUC \u00a0de Barcelona.<\/strong><\/em><\/p>\n<p><a href=\"https:\/\/www.brassacademy.com\/profesores\/trombon\/juan-san-juan-trombon\/\"><span style=\"color: #3366ff;\"><strong>Juan San Juan<\/strong> <\/span><\/a>\/ Principal Trombone &#8220;Orquesta de la Comunidad de Madrid&#8221;<\/p>\n<p data-start=\"0\" data-end=\"23\"><span style=\"color: #ff6600;\"><strong>CLASS DATES 2025\u20132026<\/strong><\/span><\/p>\n<p data-start=\"0\" data-end=\"16\"><strong data-start=\"0\" data-end=\"16\">October 2025<\/strong><\/p>\n<p data-start=\"18\" data-end=\"74\">Juan Sanjuan: Saturday 11<br data-start=\"43\" data-end=\"46\" \/>Dani Perpi\u00f1\u00e1n: Saturday 18<\/p>\n<p data-start=\"76\" data-end=\"93\"><strong data-start=\"76\" data-end=\"93\">November 2025<\/strong><\/p>\n<p data-start=\"95\" data-end=\"150\">Juan Sanjuan: Saturday 8<br data-start=\"119\" data-end=\"122\" \/>Dani Perpi\u00f1\u00e1n: Saturday 22<\/p>\n<p data-start=\"152\" data-end=\"169\"><strong data-start=\"152\" data-end=\"169\">December 2025<\/strong><\/p>\n<p data-start=\"171\" data-end=\"227\">Juan Sanjuan: Saturday 13<br data-start=\"196\" data-end=\"199\" \/>Dani Perpi\u00f1\u00e1n: Saturday 20<\/p>\n<p data-start=\"229\" data-end=\"245\"><strong data-start=\"229\" data-end=\"245\">January 2026<\/strong><\/p>\n<p data-start=\"247\" data-end=\"300\">Juan Sanjuan: Sunday 11<br data-start=\"270\" data-end=\"273\" \/>Juan Sanjuan: Saturday 24<\/p>\n<p data-start=\"302\" data-end=\"319\"><strong data-start=\"302\" data-end=\"319\">February 2026<\/strong><\/p>\n<p data-start=\"321\" data-end=\"375\">Dani Perpi\u00f1\u00e1n: Saturday 14<br data-start=\"347\" data-end=\"350\" \/>Juan Sanjuan: Sunday 22<\/p>\n<p data-start=\"377\" data-end=\"391\"><strong data-start=\"377\" data-end=\"391\">March 2026<\/strong><\/p>\n<p data-start=\"393\" data-end=\"449\">Dani Perpi\u00f1\u00e1n: Saturday 7<br data-start=\"418\" data-end=\"421\" \/>Dani Perpi\u00f1\u00e1n: Saturday 28<\/p>\n<p data-start=\"451\" data-end=\"465\"><strong data-start=\"451\" data-end=\"465\">April 2026<\/strong><\/p>\n<p data-start=\"467\" data-end=\"524\">Dani Perpi\u00f1\u00e1n: Saturday 18<br data-start=\"493\" data-end=\"496\" \/>Dani Perpi\u00f1\u00e1n: Saturday 25<\/p>\n<p data-start=\"526\" data-end=\"538\"><strong data-start=\"526\" data-end=\"538\">May 2026<\/strong><\/p>\n<p data-start=\"540\" data-end=\"592\">Juan Sanjuan: Saturday 9<br data-start=\"564\" data-end=\"567\" \/>Juan Sanjuan: Sunday 24<\/p>\n<p data-start=\"594\" data-end=\"607\"><strong data-start=\"594\" data-end=\"607\">June 2026<\/strong><\/p>\n<p data-start=\"609\" data-end=\"660\" data-is-last-node=\"\" data-is-only-node=\"\">Juan Sanjuan: Sunday 7<br data-start=\"631\" data-end=\"634\" \/>Dani Perpi\u00f1\u00e1n: Saturday 20<\/p>\n<div>\n<hr \/>\n<\/div>\n<div>\n<p><span style=\"color: #ff0000;\"><span style=\"caret-color: #ff0000;\"><b>Auditions\u00a0<\/b><\/span><\/span><br \/>\n<strong>6th April 2024 , 10 A.M.<\/strong><br \/>\nWhere ?<br \/>\nAv. Ciudad de Matanzas 5 \u00a0, 03005 Alicante<br \/>\nOr send us a Video (Youtube) , until the 5th April 2024<br \/>\nInscripci\u00f3n Form to: \u00a0<a href=\"mailto:office@brassacademy.com\">office@brassacademy.com<\/a><\/p>\n<p><span style=\"color: #000000;\"><strong>Anual fees : <\/strong><\/span><strong><span style=\"color: #000000;\">2.400 ,- \u20ac\u00a0<\/span><br \/>\n<\/strong><\/p>\n<\/div>\n<p>A discount of 200 euros will be applied to the full course if payments are made before September 20.<\/p>\n<p>Payment terms and dates: read the general registration rules.<\/p>\n<div>\n<p><a href=\"http:\/\/Payment terms and dates: read the general registration rules.\"><span style=\"color: #0000ff;\">Condiciones y fechas de pago : leer bases de inscripci\u00f3n generales.<\/span><\/a><\/p>\n<div>\n<hr \/>\n<p><strong><span style=\"color: #ff6600;\">* Activities<\/span><\/strong><\/p>\n<p>* 18 annual meetings: 10 meetings with Dani Perpi\u00f1an, 6 meetings with Juan San Juan,<\/p>\n<p>1 meeting with Miguel Garc\u00eda Casas and 1 meeting with Ian Bousfield.<\/p>\n<p>* Chamber music, Brass Ensemble and group classes of orchestral repertoire<\/p>\n<p>* 20% discount on Masterclasses organised by the Brass Academy Alicante.<\/p>\n<p>* Free participation as a listener in the other Masterclasses organized by the Brass Academy Alicante.<\/p>\n<p>* Possibility of participating in the Ensemble Brass Academy Alicante (through audition).<\/p>\n<p>* Possibility of participating in the Sony and Freixenet Orchestras of the Escuela Superior Reina Sof\u00eda in Madrid and in the \u201cEncuentro de m\u00fasica de Santander\u201d (through internal tests).<\/p>\n<\/div>\n<\/div>\n<hr \/>\n<div>\n<p><strong><span style=\"color: #ff6600;\">Repertoire Audition<\/span><\/strong><\/p>\n<h4 class=\"fusion-responsive-typography-calculated\" data-fontsize=\"13\" data-lineheight=\"19.5px\"><span style=\"color: #0000ff;\"><strong><span style=\"color: #3366ff;\"><a style=\"color: #3366ff;\" href=\"https:\/\/www.brassacademy.com\/wp-content\/uploads\/2024\/09\/Nuevo-Formulario-inscripcion-2024-2025.docx\">Nuevo Formulario-inscripcion-2024-2025<\/a><\/span><\/strong><\/span><\/h4>\n<p><em>1er mov. Ferdinand David: Concierto op.4 \u00a0( with cadenza )<\/em><br \/>\n<em> Orchestral excerpts : 3th Gustav Mahler &amp; Mozart Requiem \u00a0( Probespiel)<\/em><\/p>\n<\/div>\n<div>\n<hr \/>\n<\/div>\n<div>\n<p><strong><span style=\"color: #ff6600;\">STUDY CERTIFICATE<\/span><\/strong><br \/>\nAt the end of the academic year of study at the <strong>Brass Academy Alicante<\/strong>, the artistic direction of the Academy<br \/>\ngrants a certificate-diploma of studies to the student, according to the studies and modalities carried out<\/p>\n<\/div>\n<p>&nbsp;<\/p>","protected":false},"excerpt":{"rendered":"<p>\u00a0 \u00a0 \u00a0 \u00a0 TROMBONE TEACHERS CURSO 2024-2025 Dani Perpi\u00f1an\u00a0\/ Trombone tenor \/ Prof. ESMUC \u00a0de Barcelona. Juan San Juan \/ Principal Trombone &#8220;Orquesta de la Comunidad de Madrid&#8221; CLASS DATES 2025\u20132026 October 2025 Juan Sanjuan: Saturday 11Dani Perpi\u00f1\u00e1n: Saturday 18 November 2025 Juan Sanjuan: Saturday 8Dani Perpi\u00f1\u00e1n: Saturday 22 December 2025 Juan Sanjuan: Saturday [&hellip;]<\/p>\n","protected":false},"author":3,"featured_media":0,"parent":0,"menu_order":7,"comment_status":"open","ping_status":"closed","template":"","meta":{"footnotes":""},"class_list":["post-3246","page","type-page","status-publish","hentry"],"_links":{"self":[{"href":"https:\/\/www.brassacademy.com\/en\/wp-json\/wp\/v2\/pages\/3246"}],"collection":[{"href":"https:\/\/www.brassacademy.com\/en\/wp-json\/wp\/v2\/pages"}],"about":[{"href":"https:\/\/www.brassacademy.com\/en\/wp-json\/wp\/v2\/types\/page"}],"author":[{"embeddable":true,"href":"https:\/\/www.brassacademy.com\/en\/wp-json\/wp\/v2\/users\/3"}],"replies":[{"embeddable":true,"href":"https:\/\/www.brassacademy.com\/en\/wp-json\/wp\/v2\/comments?post=3246"}],"version-history":[{"count":143,"href":"https:\/\/www.brassacademy.com\/en\/wp-json\/wp\/v2\/pages\/3246\/revisions"}],"predecessor-version":[{"id":11152,"href":"https:\/\/www.brassacademy.com\/en\/wp-json\/wp\/v2\/pages\/3246\/revisions\/11152"}],"wp:attachment":[{"href":"https:\/\/www.brassacademy.com\/en\/wp-json\/wp\/v2\/media?parent=3246"}],"curies":[{"name":"wp","href":"https:\/\/api.w.org\/{rel}","templated":true}]}}