{"id":6334,"date":"2018-02-23T10:45:13","date_gmt":"2018-02-23T08:45:13","guid":{"rendered":"https:\/\/www.brassacademy.com\/?page_id=6334"},"modified":"2026-02-18T21:20:51","modified_gmt":"2026-02-18T19:20:51","slug":"prueba","status":"publish","type":"page","link":"https:\/\/www.brassacademy.com\/en\/","title":{"rendered":"Inicio"},"content":{"rendered":"<div class=\"wpb-content-wrapper\"><p>[vc_row][vc_column width=&#8221;1\/4&#8243; el_class=&#8221;borde-col&#8221;][vc_column_text]<a href=\"https:\/\/www.youtube.com\/watch?v=lp7gX80MhgA\" target=\"_blank\" rel=\"noopener noreferrer\"><img decoding=\"async\" class=\"aligncenter wp-image-6390\" src=\"https:\/\/www.brassacademy.com\/wp-content\/uploads\/2018\/02\/know-the-academy.jpg\" alt=\"\" width=\"400\" height=\"267\" srcset=\"https:\/\/www.brassacademy.com\/wp-content\/uploads\/2018\/02\/know-the-academy-20x13.jpg 20w, https:\/\/www.brassacademy.com\/wp-content\/uploads\/2018\/02\/know-the-academy-200x133.jpg 200w, https:\/\/www.brassacademy.com\/wp-content\/uploads\/2018\/02\/know-the-academy.jpg 300w\" sizes=\"(max-width: 400px) 100vw, 400px\" \/><\/a>[\/vc_column_text][vc_column_text]<a href=\"https:\/\/www.brassacademy.com\/en\/sarahs-music-en-la-brass-academy-alicante\/\"><img decoding=\"async\" class=\"aligncenter wp-image-6471\" src=\"https:\/\/www.brassacademy.com\/wp-content\/uploads\/2018\/06\/sarahs-music-2-300x200.jpg\" alt=\"\" width=\"400\" height=\"267\" \/><\/a>[\/vc_column_text][\/vc_column][vc_column width=&#8221;3\/4&#8243; offset=&#8221;vc_hidden-xs&#8221;][rev_slider_vc alias=&#8221;inicio&#8221;][\/vc_column][\/vc_row][vc_row][vc_column width=&#8221;1\/4&#8243; el_class=&#8221;borde-col&#8221; offset=&#8221;vc_hidden-md vc_hidden-sm&#8221;][vc_column_text]<a href=\"https:\/\/www.brassacademy.com\/en\/inscripcion\/bases-inscripcion\/\"><img decoding=\"async\" class=\"alignnone wp-image-6391\" src=\"https:\/\/www.brassacademy.com\/wp-content\/uploads\/2018\/02\/inscriptions-2.jpg\" alt=\"\" width=\"400\" height=\"267\" srcset=\"https:\/\/www.brassacademy.com\/wp-content\/uploads\/2018\/02\/inscriptions-2-20x13.jpg 20w, https:\/\/www.brassacademy.com\/wp-content\/uploads\/2018\/02\/inscriptions-2-200x133.jpg 200w, https:\/\/www.brassacademy.com\/wp-content\/uploads\/2018\/02\/inscriptions-2.jpg 300w\" sizes=\"(max-width: 400px) 100vw, 400px\" \/><\/a>[\/vc_column_text][vc_column_text]<\/p>\n<p style=\"text-align: center;\"><a href=\"https:\/\/www.brassacademy.com\/en\/masterclasses\/\"><img decoding=\"async\" class=\"alignnone wp-image-6353\" src=\"https:\/\/www.brassacademy.com\/wp-content\/uploads\/2018\/02\/masterclasses.jpg\" alt=\"\" width=\"400\" height=\"267\" srcset=\"https:\/\/www.brassacademy.com\/wp-content\/uploads\/2018\/02\/masterclasses-20x13.jpg 20w, https:\/\/www.brassacademy.com\/wp-content\/uploads\/2018\/02\/masterclasses-200x133.jpg 200w, https:\/\/www.brassacademy.com\/wp-content\/uploads\/2018\/02\/masterclasses.jpg 300w\" sizes=\"(max-width: 400px) 100vw, 400px\" \/><\/a><\/p>\n<p>[\/vc_column_text][vc_column_text]<a href=\"https:\/\/www.brassacademy.com\/en\/la-academia\/amigos-academia\/\"><img decoding=\"async\" class=\"wp-image-6392 aligncenter\" src=\"https:\/\/www.brassacademy.com\/wp-content\/uploads\/2018\/02\/friends.jpg\" alt=\"\" width=\"400\" height=\"267\" srcset=\"https:\/\/www.brassacademy.com\/wp-content\/uploads\/2018\/02\/friends-20x13.jpg 20w, https:\/\/www.brassacademy.com\/wp-content\/uploads\/2018\/02\/friends-200x133.jpg 200w, https:\/\/www.brassacademy.com\/wp-content\/uploads\/2018\/02\/friends.jpg 300w\" sizes=\"(max-width: 400px) 100vw, 400px\" \/><\/a>[\/vc_column_text][vc_column_text]<a href=\"https:\/\/www.youtube.com\/watch?v=MgYkV6S0HXI&amp;feature=youtu.be\" target=\"_blank\" rel=\"noopener noreferrer\"><img decoding=\"async\" class=\"aligncenter wp-image-6386\" src=\"https:\/\/www.brassacademy.com\/wp-content\/uploads\/2018\/02\/summer-festival-2.jpg\" alt=\"\" width=\"400\" height=\"267\" srcset=\"https:\/\/www.brassacademy.com\/wp-content\/uploads\/2018\/02\/summer-festival-2-20x13.jpg 20w, https:\/\/www.brassacademy.com\/wp-content\/uploads\/2018\/02\/summer-festival-2-200x133.jpg 200w, https:\/\/www.brassacademy.com\/wp-content\/uploads\/2018\/02\/summer-festival-2.jpg 300w\" sizes=\"(max-width: 400px) 100vw, 400px\" \/><\/a>[\/vc_column_text][vc_column_text]<\/p>\n<p style=\"text-align: center;\"><a href=\"https:\/\/ensemblebrasacademy.wordpress.com\/\"><img decoding=\"async\" class=\"alignnone wp-image-6356\" src=\"https:\/\/www.brassacademy.com\/wp-content\/uploads\/2018\/02\/ensemble.jpg\" alt=\"\" width=\"400\" height=\"267\" srcset=\"https:\/\/www.brassacademy.com\/wp-content\/uploads\/2018\/02\/ensemble-20x13.jpg 20w, https:\/\/www.brassacademy.com\/wp-content\/uploads\/2018\/02\/ensemble-200x133.jpg 200w, https:\/\/www.brassacademy.com\/wp-content\/uploads\/2018\/02\/ensemble.jpg 300w\" sizes=\"(max-width: 400px) 100vw, 400px\" \/><\/a><\/p>\n<p>[\/vc_column_text][\/vc_column][vc_column width=&#8221;3\/4&#8243; offset=&#8221;vc_hidden-md vc_hidden-sm&#8221;][vc_row_inner][vc_column_inner el_class=&#8221;borde-col&#8221; width=&#8221;1\/2&#8243;][vc_column_text]<img decoding=\"async\" class=\"alignnone size-medium wp-image-7466 aligncenter\" src=\"https:\/\/www.brassacademy.com\/wp-content\/uploads\/2020\/05\/Blp_neidich-interview-1-300x107.png\" alt=\"\" width=\"300\" height=\"107\" srcset=\"https:\/\/www.brassacademy.com\/wp-content\/uploads\/2020\/05\/Blp_neidich-interview-1-20x7.png 20w, https:\/\/www.brassacademy.com\/wp-content\/uploads\/2020\/05\/Blp_neidich-interview-1-200x71.png 200w, https:\/\/www.brassacademy.com\/wp-content\/uploads\/2020\/05\/Blp_neidich-interview-1-300x107.png 300w, https:\/\/www.brassacademy.com\/wp-content\/uploads\/2020\/05\/Blp_neidich-interview-1-400x143.png 400w, https:\/\/www.brassacademy.com\/wp-content\/uploads\/2020\/05\/Blp_neidich-interview-1-600x214.png 600w, https:\/\/www.brassacademy.com\/wp-content\/uploads\/2020\/05\/Blp_neidich-interview-1-768x274.png 768w, https:\/\/www.brassacademy.com\/wp-content\/uploads\/2020\/05\/Blp_neidich-interview-1-800x286.png 800w, https:\/\/www.brassacademy.com\/wp-content\/uploads\/2020\/05\/Blp_neidich-interview-1-1024x366.png 1024w, https:\/\/www.brassacademy.com\/wp-content\/uploads\/2020\/05\/Blp_neidich-interview-1-1200x429.png 1200w, https:\/\/www.brassacademy.com\/wp-content\/uploads\/2020\/05\/Blp_neidich-interview-1-1536x549.png 1536w, https:\/\/www.brassacademy.com\/wp-content\/uploads\/2020\/05\/Blp_neidich-interview-1.png 1654w\" sizes=\"(max-width: 300px) 100vw, 300px\" \/>[\/vc_column_text][vc_column_text]<a href=\"https:\/\/www.brassacademy.com\/en\/club-ex-alumnos\/\"><img decoding=\"async\" class=\"aligncenter wp-image-6393\" src=\"https:\/\/www.brassacademy.com\/wp-content\/uploads\/2018\/02\/ex-students.jpg\" alt=\"\" width=\"400\" height=\"267\" srcset=\"https:\/\/www.brassacademy.com\/wp-content\/uploads\/2018\/02\/ex-students-20x13.jpg 20w, https:\/\/www.brassacademy.com\/wp-content\/uploads\/2018\/02\/ex-students-200x133.jpg 200w, https:\/\/www.brassacademy.com\/wp-content\/uploads\/2018\/02\/ex-students.jpg 300w\" sizes=\"(max-width: 400px) 100vw, 400px\" \/><\/a>[\/vc_column_text][vc_column_text]<a href=\"https:\/\/www.brassacademy.com\/en\/mecenas\/\"><img decoding=\"async\" class=\"aligncenter wp-image-5003\" src=\"https:\/\/www.brassacademy.com\/wp-content\/uploads\/2017\/09\/support.jpg\" alt=\"support\" width=\"400\" height=\"267\" srcset=\"https:\/\/www.brassacademy.com\/wp-content\/uploads\/2017\/09\/support-20x13.jpg 20w, https:\/\/www.brassacademy.com\/wp-content\/uploads\/2017\/09\/support-200x133.jpg 200w, https:\/\/www.brassacademy.com\/wp-content\/uploads\/2017\/09\/support.jpg 300w\" sizes=\"(max-width: 400px) 100vw, 400px\" \/><\/a>[\/vc_column_text][\/vc_column_inner][vc_column_inner width=&#8221;1\/2&#8243;][vc_gallery interval=&#8221;3&#8243; images=&#8221;11092,11091&#8243; css=&#8221;&#8221; title=&#8221;Enrollment Open for the 2026-2027 Course at Brass Academy Alicante!&#8221;][vc_column_text css=&#8221;&#8221;]<\/p>\n<p data-start=\"115\" data-end=\"188\"><strong data-start=\"115\" data-end=\"186\">Enrollment Open for the 2026-2027 Course at Brass Academy Alicante!<\/strong><\/p>\n<p data-start=\"190\" data-end=\"711\">Do you want to take your performance to the next level and learn from some of the best brass musicians in the world? At Brass Academy Alicante, we offer a unique monthly course with internationally renowned teachers such as Rudi Korp, Nury Guarnaschelli, Jos\u00e9 Garc\u00eda Guti\u00e9rrez, Alberto Garc\u00eda Izquierdo, David P\u00e9rez, Antonio Vera Escribano, Daniel Perpi\u00f1\u00e1n, and Juan Sanjuan. Each lesson is an opportunity to perfect your technique, prepare for auditions, and grow musically in a professional and inspiring environment.<\/p>\n<p data-start=\"713\" data-end=\"990\">In addition to individual lessons, you will have access to exclusive tips, masterclasses, and the chance to interact directly with top brass music professionals. No matter your level, our goal is for every student to reach their full potential and enjoy the learning process.<\/p>\n<p data-start=\"992\" data-end=\"1097\">Places are limited, so secure your spot for the 2026-2027 course and don\u2019t miss this unique experience.<\/p>\n<p data-start=\"1099\" data-end=\"1320\">For more information and enrollment:<br data-start=\"1135\" data-end=\"1138\" \/>&#x1f4e7; Email: <a class=\"decorated-link cursor-pointer\" rel=\"noopener\" data-start=\"1148\" data-end=\"1171\">office@brassacademy.com<\/a><br data-start=\"1171\" data-end=\"1174\" \/>&#x1f310; Website: <a class=\"decorated-link\" href=\"https:\/\/www.brassacademy.com\/inscripcion\/\" target=\"_new\" rel=\"noopener\" data-start=\"1186\" data-end=\"1272\">https:\/\/www.brassacademy.com\/inscripcion\/<\/a><br data-start=\"1272\" data-end=\"1275\" \/>&#x1f4de; Phone: +34 685 551 049 | +34 865 521 700<\/p>\n<p data-start=\"1322\" data-end=\"1450\">Come to Brass Academy Alicante and discover what you can achieve with passion, dedication, and the best teachers by your side!<\/p>\n<p>[\/vc_column_text][vc_images_carousel images=&#8221;10089,9921,9980,10080,10081,10084,10082,10083,10085,10086&#8243; img_size=&#8221;360X360&#8243; autoplay=&#8221;yes&#8221; wrap=&#8221;yes&#8221;][vc_column_text]<\/p>\n<div class=\"flex flex-grow flex-col max-w-full\">\n<div class=\"min-h-[20px] text-message flex flex-col items-start whitespace-pre-wrap break-words [.text-message+&amp;]:mt-5 juice:w-full juice:items-end overflow-x-auto gap-2\" dir=\"auto\" data-message-author-role=\"assistant\" data-message-id=\"85adb7e5-38fa-439e-8b18-b7cb24708022\">\n<div class=\"flex w-full flex-col gap-1 juice:empty:hidden juice:first:pt-[3px]\">\n<div class=\"markdown prose w-full break-words dark:prose-invert light\">\n<p>Don&#8217;t miss the XIII Summer Brass Festival Alicante this year! We have incredible news &#8230; <strong>Erwin Falk<\/strong>, the principal timpanist of the Vienna Philharmonic Orchestra , will teach at the University of Alicante during our Festival !<br \/>\nIn addition, other distinguished professors will \u00a0be with us.<br \/>\nSign up and join us for a week full of music and great moments! &#x1f3ba;&#x1f3b6;<\/p>\n<p>Information and registration:<br \/>\n+34 865 521 700<br \/>\n+34 685 55 10 49 (available on WhatsApp)<br \/>\n<a href=\"mailto:office@brassacademy.com\" target=\"_new\" rel=\"noreferrer noopener\">office@brassacademy.com<\/a><\/p>\n<\/div>\n<\/div>\n<\/div>\n<\/div>\n<div class=\"mt-1 flex gap-3 empty:hidden juice:-ml-3\">\n<div class=\"items-center justify-start rounded-xl p-1 flex\">\n<div class=\"flex items-center\">\n<div class=\"flex items-center pb-0.5 juice:pb-0\"><\/div>\n<\/div>\n<\/div>\n<\/div>\n<p>[\/vc_column_text][vc_column_text css=&#8221;&#8221;][\/vc_column_text][vc_gallery interval=&#8221;3&#8243; img_size=&#8221;420X420&#8243; css=&#8221;&#8221;][vc_zigzag color=&#8221;black&#8221;][vc_column_text css=&#8221;&#8221;]<\/p>\n<div dir=\"auto\"><\/div>\n<div class=\"x11i5rnm xat24cr x1mh8g0r x1vvkbs xtlvy1s x126k92a\">\n<div dir=\"auto\"><\/div>\n<\/div>\n<p>[\/vc_column_text][vc_column_text css=&#8221;&#8221;]<\/p>\n<div class=\"xdj266r x11i5rnm xat24cr x1mh8g0r x1vvkbs x126k92a\"><\/div>\n<div class=\"x11i5rnm xat24cr x1mh8g0r x1vvkbs xtlvy1s x126k92a\"><\/div>\n<div dir=\"auto\"><\/div>\n<div class=\"x11i5rnm xat24cr x1mh8g0r x1vvkbs xtlvy1s x126k92a\">\n<div dir=\"auto\"><\/div>\n<\/div>\n<p>[\/vc_column_text][vc_zigzag][vc_column_text css=&#8221;&#8221;]<\/p>\n<p>[\/vc_column_text][vc_basic_grid post_type=&#8221;post&#8221; max_items=&#8221;4&#8243; element_width=&#8221;12&#8243; css=&#8221;.vc_custom_1518450352358{background-color: #ffffff !important;}&#8221; grid_id=&#8221;vc_gid:1771442433181-eaa24e61-6c55-7&#8243;][vc_btn title=&#8221;Noticias Anteriores&#8221; shape=&#8221;square&#8221; color=&#8221;black&#8221; align=&#8221;center&#8221; i_align=&#8221;right&#8221; i_icon_fontawesome=&#8221;fa fa-long-arrow-right&#8221; add_icon=&#8221;true&#8221; link=&#8221;url:http%3A%2F%2Fbrassacademy.com%2Fblog%2F|title:Blog||&#8221;][\/vc_column_inner][\/vc_row_inner][\/vc_column][\/vc_row][vc_row][vc_column width=&#8221;1\/4&#8243; el_class=&#8221;borde-col&#8221; offset=&#8221;vc_hidden-lg vc_hidden-xs&#8221;][vc_column_text]<\/p>\n<p style=\"text-align: center;\"><a href=\"https:\/\/www.brassacademy.com\/masterclasses\/\"><img decoding=\"async\" class=\"alignnone wp-image-6353\" src=\"https:\/\/www.brassacademy.com\/wp-content\/uploads\/2018\/02\/masterclasses.jpg\" alt=\"\" width=\"400\" height=\"267\" srcset=\"https:\/\/www.brassacademy.com\/wp-content\/uploads\/2018\/02\/masterclasses-20x13.jpg 20w, https:\/\/www.brassacademy.com\/wp-content\/uploads\/2018\/02\/masterclasses-200x133.jpg 200w, https:\/\/www.brassacademy.com\/wp-content\/uploads\/2018\/02\/masterclasses.jpg 300w\" sizes=\"(max-width: 400px) 100vw, 400px\" \/><\/a><\/p>\n<p>[\/vc_column_text][vc_column_text]<a href=\"https:\/\/www.brassacademy.com\/la-academia\/amigos-academia\/\"><img decoding=\"async\" class=\"wp-image-6351 aligncenter\" src=\"https:\/\/www.brassacademy.com\/wp-content\/uploads\/2018\/02\/amigos-academia.jpg\" alt=\"\" width=\"400\" height=\"267\" srcset=\"https:\/\/www.brassacademy.com\/wp-content\/uploads\/2018\/02\/amigos-academia-20x13.jpg 20w, https:\/\/www.brassacademy.com\/wp-content\/uploads\/2018\/02\/amigos-academia-200x133.jpg 200w, https:\/\/www.brassacademy.com\/wp-content\/uploads\/2018\/02\/amigos-academia.jpg 300w\" sizes=\"(max-width: 400px) 100vw, 400px\" \/><\/a>[\/vc_column_text][vc_column_text]<a href=\"https:\/\/www.youtube.com\/watch?v=MgYkV6S0HXI&amp;feature=youtu.be\" target=\"_blank\" rel=\"noopener noreferrer\"><img decoding=\"async\" class=\"aligncenter wp-image-6386\" src=\"https:\/\/www.brassacademy.com\/wp-content\/uploads\/2018\/02\/summer-festival-2.jpg\" alt=\"\" width=\"400\" height=\"267\" srcset=\"https:\/\/www.brassacademy.com\/wp-content\/uploads\/2018\/02\/summer-festival-2-20x13.jpg 20w, https:\/\/www.brassacademy.com\/wp-content\/uploads\/2018\/02\/summer-festival-2-200x133.jpg 200w, https:\/\/www.brassacademy.com\/wp-content\/uploads\/2018\/02\/summer-festival-2.jpg 300w\" sizes=\"(max-width: 400px) 100vw, 400px\" \/><\/a>[\/vc_column_text][vc_column_text]<\/p>\n<p style=\"text-align: center;\"><a href=\"https:\/\/www.brassacademy.com\/la-academia\/amigos-academia\/\"><img decoding=\"async\" class=\"alignnone wp-image-6356\" src=\"https:\/\/www.brassacademy.com\/wp-content\/uploads\/2018\/02\/ensemble.jpg\" alt=\"\" width=\"400\" height=\"267\" srcset=\"https:\/\/www.brassacademy.com\/wp-content\/uploads\/2018\/02\/ensemble-20x13.jpg 20w, https:\/\/www.brassacademy.com\/wp-content\/uploads\/2018\/02\/ensemble-200x133.jpg 200w, https:\/\/www.brassacademy.com\/wp-content\/uploads\/2018\/02\/ensemble.jpg 300w\" sizes=\"(max-width: 400px) 100vw, 400px\" \/><\/a><\/p>\n<p>[\/vc_column_text][\/vc_column][vc_column width=&#8221;3\/4&#8243; offset=&#8221;vc_hidden-lg vc_hidden-xs&#8221;][vc_row_inner][vc_column_inner el_class=&#8221;borde-col&#8221; width=&#8221;1\/2&#8243;][vc_column_text]<a href=\"http:\/\/www.alicantebrassfestival.com\/\"><img decoding=\"async\" class=\"aligncenter wp-image-6194\" src=\"https:\/\/www.brassacademy.com\/wp-content\/uploads\/2015\/09\/LOGO-Summer-Brass-Festival-sin-a\u00f1o-1.jpg\" alt=\"\" width=\"232\" height=\"200\" srcset=\"https:\/\/www.brassacademy.com\/wp-content\/uploads\/2015\/09\/LOGO-Summer-Brass-Festival-sin-a\u00f1o-1-20x17.jpg 20w, https:\/\/www.brassacademy.com\/wp-content\/uploads\/2015\/09\/LOGO-Summer-Brass-Festival-sin-a\u00f1o-1-200x172.jpg 200w, https:\/\/www.brassacademy.com\/wp-content\/uploads\/2015\/09\/LOGO-Summer-Brass-Festival-sin-a\u00f1o-1-300x258.jpg 300w, https:\/\/www.brassacademy.com\/wp-content\/uploads\/2015\/09\/LOGO-Summer-Brass-Festival-sin-a\u00f1o-1-400x345.jpg 400w, https:\/\/www.brassacademy.com\/wp-content\/uploads\/2015\/09\/LOGO-Summer-Brass-Festival-sin-a\u00f1o-1.jpg 476w\" sizes=\"(max-width: 232px) 100vw, 232px\" \/><\/a>[\/vc_column_text][vc_column_text]<a href=\"https:\/\/www.brassacademy.com\/en\/residencia\/\"><img decoding=\"async\" class=\"aligncenter wp-image-6861\" src=\"https:\/\/www.brassacademy.com\/wp-content\/uploads\/2019\/05\/brass-residencia-300x194.png\" alt=\"\" width=\"232\" height=\"150\" srcset=\"https:\/\/www.brassacademy.com\/wp-content\/uploads\/2019\/05\/brass-residencia-20x13.png 20w, https:\/\/www.brassacademy.com\/wp-content\/uploads\/2019\/05\/brass-residencia-200x129.png 200w, https:\/\/www.brassacademy.com\/wp-content\/uploads\/2019\/05\/brass-residencia-300x194.png 300w, https:\/\/www.brassacademy.com\/wp-content\/uploads\/2019\/05\/brass-residencia-400x258.png 400w, https:\/\/www.brassacademy.com\/wp-content\/uploads\/2019\/05\/brass-residencia-460x295.png 460w, https:\/\/www.brassacademy.com\/wp-content\/uploads\/2019\/05\/brass-residencia-600x387.png 600w, https:\/\/www.brassacademy.com\/wp-content\/uploads\/2019\/05\/brass-residencia-768x496.png 768w, https:\/\/www.brassacademy.com\/wp-content\/uploads\/2019\/05\/brass-residencia-800x516.png 800w, https:\/\/www.brassacademy.com\/wp-content\/uploads\/2019\/05\/brass-residencia-1024x661.png 1024w, https:\/\/www.brassacademy.com\/wp-content\/uploads\/2019\/05\/brass-residencia-1200x774.png 1200w, https:\/\/www.brassacademy.com\/wp-content\/uploads\/2019\/05\/brass-residencia.png 1342w\" sizes=\"(max-width: 232px) 100vw, 232px\" \/><\/a>[\/vc_column_text][vc_column_text]<img decoding=\"async\" class=\"alignnone size-medium wp-image-7466 aligncenter\" src=\"https:\/\/www.brassacademy.com\/wp-content\/uploads\/2020\/05\/Blp_neidich-interview-1-300x107.png\" alt=\"\" width=\"300\" height=\"107\" srcset=\"https:\/\/www.brassacademy.com\/wp-content\/uploads\/2020\/05\/Blp_neidich-interview-1-20x7.png 20w, https:\/\/www.brassacademy.com\/wp-content\/uploads\/2020\/05\/Blp_neidich-interview-1-200x71.png 200w, https:\/\/www.brassacademy.com\/wp-content\/uploads\/2020\/05\/Blp_neidich-interview-1-300x107.png 300w, https:\/\/www.brassacademy.com\/wp-content\/uploads\/2020\/05\/Blp_neidich-interview-1-400x143.png 400w, https:\/\/www.brassacademy.com\/wp-content\/uploads\/2020\/05\/Blp_neidich-interview-1-600x214.png 600w, https:\/\/www.brassacademy.com\/wp-content\/uploads\/2020\/05\/Blp_neidich-interview-1-768x274.png 768w, https:\/\/www.brassacademy.com\/wp-content\/uploads\/2020\/05\/Blp_neidich-interview-1-800x286.png 800w, https:\/\/www.brassacademy.com\/wp-content\/uploads\/2020\/05\/Blp_neidich-interview-1-1024x366.png 1024w, https:\/\/www.brassacademy.com\/wp-content\/uploads\/2020\/05\/Blp_neidich-interview-1-1200x429.png 1200w, https:\/\/www.brassacademy.com\/wp-content\/uploads\/2020\/05\/Blp_neidich-interview-1-1536x549.png 1536w, https:\/\/www.brassacademy.com\/wp-content\/uploads\/2020\/05\/Blp_neidich-interview-1.png 1654w\" sizes=\"(max-width: 300px) 100vw, 300px\" \/>[\/vc_column_text][vc_column_text]<img decoding=\"async\" class=\"aligncenter wp-image-6362\" src=\"https:\/\/www.brassacademy.com\/wp-content\/uploads\/2018\/02\/club-academia.jpg\" alt=\"\" width=\"400\" height=\"267\" srcset=\"https:\/\/www.brassacademy.com\/wp-content\/uploads\/2018\/02\/club-academia-20x13.jpg 20w, https:\/\/www.brassacademy.com\/wp-content\/uploads\/2018\/02\/club-academia-200x133.jpg 200w, https:\/\/www.brassacademy.com\/wp-content\/uploads\/2018\/02\/club-academia.jpg 300w\" sizes=\"(max-width: 400px) 100vw, 400px\" \/>[\/vc_column_text][\/vc_column_inner][vc_column_inner width=&#8221;1\/2&#8243;][vc_custom_heading text=&#8221;Noticias&#8221;][vc_basic_grid post_type=&#8221;post&#8221; max_items=&#8221;3&#8243; element_width=&#8221;12&#8243; css=&#8221;.vc_custom_1518716573446{background-color: #ffffff !important;}&#8221; grid_id=&#8221;vc_gid:1771442433182-dc7f9238-1aa9-9&#8243;][vc_btn title=&#8221;Noticias Anteriores&#8221; shape=&#8221;square&#8221; color=&#8221;black&#8221; align=&#8221;center&#8221; i_align=&#8221;right&#8221; i_icon_fontawesome=&#8221;fa fa-long-arrow-right&#8221; add_icon=&#8221;true&#8221; link=&#8221;url:http%3A%2F%2Fbrassacademy.com%2Fblog%2F|title:Blog||&#8221;][\/vc_column_inner][\/vc_row_inner][\/vc_column][\/vc_row][vc_row][vc_column][vc_empty_space][\/vc_column][\/vc_row][vc_row full_width=&#8221;stretch_row_content_no_spaces&#8221; css=&#8221;.vc_custom_1506615502774{margin-top: 0px !important;padding-top: 0px !important;background-color: #fac917 !important;}&#8221;][vc_column css=&#8221;.vc_custom_1506615688089{margin-top: 0px !important;padding-top: 5px !important;}&#8221;][vc_zigzag color=&#8221;white&#8221;][vc_empty_space][vc_custom_heading text=&#8221;Welcome&#8221; font_container=&#8221;tag:h2|text_align:center&#8221; use_theme_fonts=&#8221;yes&#8221;][\/vc_column][\/vc_row][vc_row full_width=&#8221;stretch_row_content_no_spaces&#8221; css=&#8221;.vc_custom_1506615388267{background-color: #fac917 !important;}&#8221;][vc_column width=&#8221;1\/6&#8243;][\/vc_column][vc_column width=&#8221;2\/3&#8243; css=&#8221;.vc_custom_1506615844902{padding-right: 5% !important;padding-left: 5% !important;}&#8221;][vc_column_text]When we came to give courses in this region of Alicante 19 years ago, we were impressed by the number of brass musicians, their great love for music and the young talent that exists in the region.<\/p>\n<p>Our project and dream of creating an academy specialized in training professional brass players gradually received a warm welcome from citizens and students committed to music and with ambitions to improve.<\/p>\n<p>Thanks to this positive response and the interest of many students from all over Spain and the Americas, and from other parts of Europe, the Brass Academy Alicante is now a reality that we all want to see prosper for many years to come.<\/p>\n<p>The current headquarters of the Brass Academy Alicante is located in Finca Rabasa in the city of Alicante.\u00a0 It is there that we present our lessons, masterclasses, rehearsals with the various ensembles of the Academy, workshops with national and international soloists, and major brass instrument exhibitions.<\/p>\n<p>Sincerely,<br \/>\nNury &amp; Rudi[\/vc_column_text][\/vc_column][vc_column width=&#8221;1\/6&#8243;][\/vc_column][\/vc_row][vc_row full_width=&#8221;stretch_row_content_no_spaces&#8221; css=&#8221;.vc_custom_1506615394035{background-color: #fac917 !important;}&#8221;][vc_column][vc_zigzag color=&#8221;white&#8221;][\/vc_column][\/vc_row][vc_row][vc_column][vc_empty_space][\/vc_column][\/vc_row]<\/p>\n<\/div>","protected":false},"excerpt":{"rendered":"<p>[vc_row][vc_column width=&#8221;1\/4&#8243; el_class=&#8221;borde-col&#8221;][vc_column_text][\/vc_column_text][vc_column_text][\/vc_column_text][\/vc_column][vc_column width=&#8221;3\/4&#8243; offset=&#8221;vc_hidden-xs&#8221;][rev_slider_vc alias=&#8221;inicio&#8221;][\/vc_column][\/vc_row][vc_row][vc_column width=&#8221;1\/4&#8243; el_class=&#8221;borde-col&#8221; offset=&#8221;vc_hidden-md vc_hidden-sm&#8221;][vc_column_text][\/vc_column_text][vc_column_text] [\/vc_column_text][vc_column_text][\/vc_column_text][vc_column_text][\/vc_column_text][vc_column_text] [\/vc_column_text][\/vc_column][vc_column width=&#8221;3\/4&#8243; offset=&#8221;vc_hidden-md vc_hidden-sm&#8221;][vc_row_inner][vc_column_inner el_class=&#8221;borde-col&#8221; width=&#8221;1\/2&#8243;][vc_column_text][\/vc_column_text][vc_column_text][\/vc_column_text][vc_column_text][\/vc_column_text][\/vc_column_inner][vc_column_inner width=&#8221;1\/2&#8243;][vc_gallery interval=&#8221;3&#8243; images=&#8221;11092,11091&#8243; css=&#8221;&#8221; title=&#8221;Enrollment Open for the 2026-2027 Course at Brass Academy Alicante!&#8221;][vc_column_text css=&#8221;&#8221;] Enrollment Open for the 2026-2027 Course at Brass Academy Alicante! Do you want to take your performance to the next level and learn [&hellip;]<\/p>\n","protected":false},"author":3,"featured_media":0,"parent":0,"menu_order":0,"comment_status":"closed","ping_status":"closed","template":"100-width.php","meta":{"footnotes":""},"class_list":["post-6334","page","type-page","status-publish","hentry"],"_links":{"self":[{"href":"https:\/\/www.brassacademy.com\/en\/wp-json\/wp\/v2\/pages\/6334"}],"collection":[{"href":"https:\/\/www.brassacademy.com\/en\/wp-json\/wp\/v2\/pages"}],"about":[{"href":"https:\/\/www.brassacademy.com\/en\/wp-json\/wp\/v2\/types\/page"}],"author":[{"embeddable":true,"href":"https:\/\/www.brassacademy.com\/en\/wp-json\/wp\/v2\/users\/3"}],"replies":[{"embeddable":true,"href":"https:\/\/www.brassacademy.com\/en\/wp-json\/wp\/v2\/comments?post=6334"}],"version-history":[{"count":45,"href":"https:\/\/www.brassacademy.com\/en\/wp-json\/wp\/v2\/pages\/6334\/revisions"}],"predecessor-version":[{"id":11122,"href":"https:\/\/www.brassacademy.com\/en\/wp-json\/wp\/v2\/pages\/6334\/revisions\/11122"}],"wp:attachment":[{"href":"https:\/\/www.brassacademy.com\/en\/wp-json\/wp\/v2\/media?parent=6334"}],"curies":[{"name":"wp","href":"https:\/\/api.w.org\/{rel}","templated":true}]}}